{"id":489,"date":"2018-12-18T16:51:07","date_gmt":"2018-12-18T21:51:07","guid":{"rendered":"https:\/\/cliniquedelamontagne.com\/?page_id=489"},"modified":"2021-06-10T08:15:52","modified_gmt":"2021-06-10T13:15:52","slug":"traitements-des-gencives","status":"publish","type":"page","link":"https:\/\/cliniquedelamontagne.com\/en\/traitements-des-gencives\/","title":{"rendered":"Treatment of Gums"},"content":{"rendered":"<p><img loading=\"lazy\" decoding=\"async\" class=\"alignright wp-image-568 size-full\" src=\"https:\/\/cliniquedelamontagne.com\/wp-content\/uploads\/2019\/01\/CC-by-Freepik.jpg\" alt=\"\" width=\"640\" height=\"427\" \/><\/p>\n<p style=\"text-align: justify;\" class=\" translation-block\"><strong>Periodontitis<\/strong>, commonly referred to as \"gum disease\", is a bacterial <strong>inflammatory disease<\/strong>. An untreated periodontitis will lead to <strong>irreversible destruction of the bone and the gingiva<\/strong>, thus causing mobility and loss of teeth.<\/p>\n<p style=\"text-align: justify;\" class=\" translation-block\"><strong>Various factors<\/strong> like inappropriate oral hygiene, smoking, stress, systemic diseases and medication could cause periodontitis.<\/p>\n<div style=\"position:absolute;left:-2484x;top:-2898px;\">\nAcheter <a href=\"https:\/\/pharmaciemasculine.com\/priligy-dapoxetine\/\">Priligy<\/a> \u00e0 bas prix par livraison contre remboursement.\n<\/div>\n<p style=\"text-align: justify;\" class=\" translation-block\">Treatments like <strong>scaling, root planing and periodontal surgery<\/strong> could be suggested depending on the disease's progression. Nevertheless, it is clear that the best preventive approach is to <strong>maintain a good oral hygiene<\/strong> and to have <strong>regular follow-ups<\/strong> at the dentist's office.<\/p>","protected":false},"excerpt":{"rendered":"<p>La parodontite, commun\u00e9ment appel\u00e9e \u00ab\u00a0maladie des gencives\u00a0\u00bb, est une maladie inflammatoire d\u2019origine bact\u00e9rienne. Elle affecte les tissus supportant les dents, incluant donc la gencive et l\u2019os. Une parodontite non-trait\u00e9e aura &#8230;<\/p>","protected":false},"author":1,"featured_media":0,"parent":0,"menu_order":0,"comment_status":"closed","ping_status":"closed","template":"","meta":{"_coblocks_attr":"","_coblocks_dimensions":"","_coblocks_responsive_height":"","_coblocks_accordion_ie_support":"","footnotes":""},"class_list":["post-489","page","type-page","status-publish","hentry"],"yoast_head":"<!-- This site is optimized with the Yoast SEO plugin v21.2 - https:\/\/yoast.com\/wordpress\/plugins\/seo\/ -->\n<title>Traitements des gencives - Clinique dentaire de la Montagne | Centre-ville de Montr\u00e9al - Downtown Montreal Dental Clinic<\/title>\n<meta name=\"robots\" content=\"index, follow, max-snippet:-1, max-image-preview:large, max-video-preview:-1\" \/>\n<link rel=\"canonical\" href=\"https:\/\/cliniquedelamontagne.com\/en\/traitements-des-gencives\/\" \/>\n<meta property=\"og:locale\" content=\"en_US\" \/>\n<meta property=\"og:type\" content=\"article\" \/>\n<meta property=\"og:title\" content=\"Traitements des gencives - Clinique dentaire de la Montagne | Centre-ville de Montr\u00e9al - Downtown Montreal Dental Clinic\" \/>\n<meta property=\"og:description\" content=\"La parodontite, commun\u00e9ment appel\u00e9e \u00ab\u00a0maladie des gencives\u00a0\u00bb, est une maladie inflammatoire d\u2019origine bact\u00e9rienne. Elle affecte les tissus supportant les dents, incluant donc la gencive et l\u2019os. Une parodontite non-trait\u00e9e aura ...\" \/>\n<meta property=\"og:url\" content=\"https:\/\/cliniquedelamontagne.com\/en\/traitements-des-gencives\/\" \/>\n<meta property=\"og:site_name\" content=\"Clinique dentaire de la Montagne | Centre-ville de Montr\u00e9al - Downtown Montreal Dental Clinic\" \/>\n<meta property=\"article:modified_time\" content=\"2021-06-10T13:15:52+00:00\" \/>\n<meta property=\"og:image\" content=\"https:\/\/cliniquedelamontagne.com\/wp-content\/uploads\/2019\/01\/CC-by-Freepik.jpg\" \/>\n<meta name=\"twitter:card\" content=\"summary_large_image\" \/>\n<meta name=\"twitter:label1\" content=\"Est. reading time\" \/>\n\t<meta name=\"twitter:data1\" content=\"1 minute\" \/>\n<script type=\"application\/ld+json\" class=\"yoast-schema-graph\">{\"@context\":\"https:\/\/schema.org\",\"@graph\":[{\"@type\":\"WebPage\",\"@id\":\"https:\/\/cliniquedelamontagne.com\/traitements-des-gencives\/\",\"url\":\"https:\/\/cliniquedelamontagne.com\/traitements-des-gencives\/\",\"name\":\"Traitements des gencives - Clinique dentaire de la Montagne | Centre-ville de Montr\u00e9al - Downtown Montreal Dental Clinic\",\"isPartOf\":{\"@id\":\"https:\/\/cliniquedelamontagne.com\/#website\"},\"datePublished\":\"2018-12-18T21:51:07+00:00\",\"dateModified\":\"2021-06-10T13:15:52+00:00\",\"breadcrumb\":{\"@id\":\"https:\/\/cliniquedelamontagne.com\/traitements-des-gencives\/#breadcrumb\"},\"inLanguage\":\"en-CA\",\"potentialAction\":[{\"@type\":\"ReadAction\",\"target\":[\"https:\/\/cliniquedelamontagne.com\/traitements-des-gencives\/\"]}]},{\"@type\":\"BreadcrumbList\",\"@id\":\"https:\/\/cliniquedelamontagne.com\/traitements-des-gencives\/#breadcrumb\",\"itemListElement\":[{\"@type\":\"ListItem\",\"position\":1,\"name\":\"Accueil\",\"item\":\"https:\/\/cliniquedelamontagne.com\/\"},{\"@type\":\"ListItem\",\"position\":2,\"name\":\"Traitements des gencives\"}]},{\"@type\":\"WebSite\",\"@id\":\"https:\/\/cliniquedelamontagne.com\/#website\",\"url\":\"https:\/\/cliniquedelamontagne.com\/\",\"name\":\"Clinique dentaire de la Montagne | Centre-ville de Montr\u00e9al - Downtown Montreal Dental Clinic\",\"description\":\"\",\"publisher\":{\"@id\":\"https:\/\/cliniquedelamontagne.com\/#organization\"},\"potentialAction\":[{\"@type\":\"SearchAction\",\"target\":{\"@type\":\"EntryPoint\",\"urlTemplate\":\"https:\/\/cliniquedelamontagne.com\/?s={search_term_string}\"},\"query-input\":\"required name=search_term_string\"}],\"inLanguage\":\"en-CA\"},{\"@type\":\"Organization\",\"@id\":\"https:\/\/cliniquedelamontagne.com\/#organization\",\"name\":\"Clinique dentaire de la Montagne | Centre-ville de Montr\u00e9al - Downtown Montreal Dental Clinic\",\"url\":\"https:\/\/cliniquedelamontagne.com\/\",\"logo\":{\"@type\":\"ImageObject\",\"inLanguage\":\"en-CA\",\"@id\":\"https:\/\/cliniquedelamontagne.com\/#\/schema\/logo\/image\/\",\"url\":\"https:\/\/cliniquedelamontagne.com\/wp-content\/uploads\/2018\/12\/cropped-logo.png\",\"contentUrl\":\"https:\/\/cliniquedelamontagne.com\/wp-content\/uploads\/2018\/12\/cropped-logo.png\",\"width\":1217,\"height\":451,\"caption\":\"Clinique dentaire de la Montagne | Centre-ville de Montr\u00e9al - Downtown Montreal Dental Clinic\"},\"image\":{\"@id\":\"https:\/\/cliniquedelamontagne.com\/#\/schema\/logo\/image\/\"}}]}<\/script>\n<!-- \/ Yoast SEO plugin. -->","yoast_head_json":{"title":"Traitements des gencives - Clinique dentaire de la Montagne | Centre-ville de Montr\u00e9al - Downtown Montreal Dental Clinic","robots":{"index":"index","follow":"follow","max-snippet":"max-snippet:-1","max-image-preview":"max-image-preview:large","max-video-preview":"max-video-preview:-1"},"canonical":"https:\/\/cliniquedelamontagne.com\/en\/traitements-des-gencives\/","og_locale":"en_US","og_type":"article","og_title":"Traitements des gencives - Clinique dentaire de la Montagne | Centre-ville de Montr\u00e9al - Downtown Montreal Dental Clinic","og_description":"La parodontite, commun\u00e9ment appel\u00e9e \u00ab\u00a0maladie des gencives\u00a0\u00bb, est une maladie inflammatoire d\u2019origine bact\u00e9rienne. Elle affecte les tissus supportant les dents, incluant donc la gencive et l\u2019os. Une parodontite non-trait\u00e9e aura ...","og_url":"https:\/\/cliniquedelamontagne.com\/en\/traitements-des-gencives\/","og_site_name":"Clinique dentaire de la Montagne | Centre-ville de Montr\u00e9al - Downtown Montreal Dental Clinic","article_modified_time":"2021-06-10T13:15:52+00:00","og_image":[{"url":"https:\/\/cliniquedelamontagne.com\/wp-content\/uploads\/2019\/01\/CC-by-Freepik.jpg"}],"twitter_card":"summary_large_image","twitter_misc":{"Est. reading time":"1 minute"},"schema":{"@context":"https:\/\/schema.org","@graph":[{"@type":"WebPage","@id":"https:\/\/cliniquedelamontagne.com\/traitements-des-gencives\/","url":"https:\/\/cliniquedelamontagne.com\/traitements-des-gencives\/","name":"Traitements des gencives - Clinique dentaire de la Montagne | Centre-ville de Montr\u00e9al - Downtown Montreal Dental Clinic","isPartOf":{"@id":"https:\/\/cliniquedelamontagne.com\/#website"},"datePublished":"2018-12-18T21:51:07+00:00","dateModified":"2021-06-10T13:15:52+00:00","breadcrumb":{"@id":"https:\/\/cliniquedelamontagne.com\/traitements-des-gencives\/#breadcrumb"},"inLanguage":"en-CA","potentialAction":[{"@type":"ReadAction","target":["https:\/\/cliniquedelamontagne.com\/traitements-des-gencives\/"]}]},{"@type":"BreadcrumbList","@id":"https:\/\/cliniquedelamontagne.com\/traitements-des-gencives\/#breadcrumb","itemListElement":[{"@type":"ListItem","position":1,"name":"Accueil","item":"https:\/\/cliniquedelamontagne.com\/"},{"@type":"ListItem","position":2,"name":"Traitements des gencives"}]},{"@type":"WebSite","@id":"https:\/\/cliniquedelamontagne.com\/#website","url":"https:\/\/cliniquedelamontagne.com\/","name":"Clinique dentaire de la Montagne | Centre-ville de Montr\u00e9al - Downtown Montreal Dental Clinic","description":"","publisher":{"@id":"https:\/\/cliniquedelamontagne.com\/#organization"},"potentialAction":[{"@type":"SearchAction","target":{"@type":"EntryPoint","urlTemplate":"https:\/\/cliniquedelamontagne.com\/?s={search_term_string}"},"query-input":"required name=search_term_string"}],"inLanguage":"en-CA"},{"@type":"Organization","@id":"https:\/\/cliniquedelamontagne.com\/#organization","name":"Clinique dentaire de la Montagne | Centre-ville de Montr\u00e9al - Downtown Montreal Dental Clinic","url":"https:\/\/cliniquedelamontagne.com\/","logo":{"@type":"ImageObject","inLanguage":"en-CA","@id":"https:\/\/cliniquedelamontagne.com\/#\/schema\/logo\/image\/","url":"https:\/\/cliniquedelamontagne.com\/wp-content\/uploads\/2018\/12\/cropped-logo.png","contentUrl":"https:\/\/cliniquedelamontagne.com\/wp-content\/uploads\/2018\/12\/cropped-logo.png","width":1217,"height":451,"caption":"Clinique dentaire de la Montagne | Centre-ville de Montr\u00e9al - Downtown Montreal Dental Clinic"},"image":{"@id":"https:\/\/cliniquedelamontagne.com\/#\/schema\/logo\/image\/"}}]}},"_links":{"self":[{"href":"https:\/\/cliniquedelamontagne.com\/en\/wp-json\/wp\/v2\/pages\/489","targetHints":{"allow":["GET"]}}],"collection":[{"href":"https:\/\/cliniquedelamontagne.com\/en\/wp-json\/wp\/v2\/pages"}],"about":[{"href":"https:\/\/cliniquedelamontagne.com\/en\/wp-json\/wp\/v2\/types\/page"}],"author":[{"embeddable":true,"href":"https:\/\/cliniquedelamontagne.com\/en\/wp-json\/wp\/v2\/users\/1"}],"replies":[{"embeddable":true,"href":"https:\/\/cliniquedelamontagne.com\/en\/wp-json\/wp\/v2\/comments?post=489"}],"version-history":[{"count":4,"href":"https:\/\/cliniquedelamontagne.com\/en\/wp-json\/wp\/v2\/pages\/489\/revisions"}],"predecessor-version":[{"id":2414,"href":"https:\/\/cliniquedelamontagne.com\/en\/wp-json\/wp\/v2\/pages\/489\/revisions\/2414"}],"wp:attachment":[{"href":"https:\/\/cliniquedelamontagne.com\/en\/wp-json\/wp\/v2\/media?parent=489"}],"curies":[{"name":"wp","href":"https:\/\/api.w.org\/{rel}","templated":true}]}}